{"id":6257,"date":"2024-03-12T12:15:37","date_gmt":"2024-03-12T12:15:37","guid":{"rendered":"https:\/\/www.pmc-wine.com\/?post_type=vinhos&#038;p=6257"},"modified":"2024-03-12T12:15:38","modified_gmt":"2024-03-12T12:15:38","slug":"malaca-rose","status":"publish","type":"vinhos","link":"https:\/\/www.pmc-wine.com\/fr\/vinhos\/malaca-rose\/","title":{"rendered":"Malaca Ros\u00e9"},"content":{"rendered":"\n<p>Un duo de deux c\u00e9pages portugais, dont l&rsquo;un est typiquement algarvien : le Negra Mole. Il s&rsquo;agit d&rsquo;une vari\u00e9t\u00e9 unique au monde, o\u00f9 une seule vigne peut produire des raisins de diff\u00e9rentes nuances &#8211; blanches ou rouges et toutes les couleurs interm\u00e9diaires.<\/p>\n\n\n\n<p>La coloration \u00e9tant effectu\u00e9e dans le vignoble et sans intervention humaine, ce vin pr\u00e9sente une teinte rose intense et un profil tr\u00e8s aromatique. La fraise et la framboise sont \u00e0 l&rsquo;honneur, tant en ar\u00f4me qu&rsquo;en bouche. Avec le fruit savoureux, nous avons un vin avec des tanins et beaucoup de fra\u00eecheur.<\/p>\n\n\n\n<p>Accompagnez ce vin avec toutes sortes de salades, en particulier celles qui contiennent des fruits abondants ou des figues grill\u00e9es. Tout autre plat de fruits de mer ou de poisson sera un succ\u00e8s avec ce vin.<\/p>\n","protected":false},"excerpt":{"rendered":"<p>Un duo de deux c\u00e9pages portugais, dont l&rsquo;un est typiquement algarvien : le Negra Mole. Il s&rsquo;agit d&rsquo;une vari\u00e9t\u00e9 unique au monde, o\u00f9 une seule vigne peut produire des raisins de diff\u00e9rentes nuances &#8211; blanches ou rouges et toutes les couleurs interm\u00e9diaires. La coloration \u00e9tant effectu\u00e9e dans le vignoble et sans intervention humaine, ce vin [&hellip;]<\/p>\n","protected":false},"featured_media":5266,"menu_order":0,"template":"","format":"standard","meta":{"footnotes":""},"tipos-de-vinho":[213],"regioes":[121],"produtor":[149],"class_list":["post-6257","vinhos","type-vinhos","status-publish","format-standard","has-post-thumbnail","hentry","tipos-de-vinho-rose-3","regioes-algarve-fr","produtor-quinta-da-malaca-fr"],"acf":[],"yoast_head":"<!-- This site is optimized with the Yoast SEO plugin v27.5 - https:\/\/yoast.com\/product\/yoast-seo-wordpress\/ -->\n<title>Malaca Ros\u00e9 - PMC Wine &amp; Food<\/title>\n<meta name=\"description\" content=\"Un duo de deux c\u00e9pages portugais, dont l&#039;un est typiquement algarvien : le Negra Mole.\" \/>\n<meta name=\"robots\" content=\"index, follow, max-snippet:-1, max-image-preview:large, max-video-preview:-1\" \/>\n<link rel=\"canonical\" href=\"https:\/\/www.pmc-wine.com\/fr\/vinhos\/malaca-rose\/\" \/>\n<meta property=\"og:locale\" content=\"fr_FR\" \/>\n<meta property=\"og:type\" content=\"article\" \/>\n<meta property=\"og:title\" content=\"Malaca Ros\u00e9 - PMC Wine &amp; Food\" \/>\n<meta property=\"og:description\" content=\"Un duo de deux c\u00e9pages portugais, dont l&#039;un est typiquement algarvien : le Negra Mole.\" \/>\n<meta property=\"og:url\" content=\"https:\/\/www.pmc-wine.com\/fr\/vinhos\/malaca-rose\/\" \/>\n<meta property=\"og:site_name\" content=\"PMC Wine &amp; Food\" \/>\n<meta property=\"article:modified_time\" content=\"2024-03-12T12:15:38+00:00\" \/>\n<meta property=\"og:image\" content=\"https:\/\/www.pmc-wine.com\/wp-content\/uploads\/2021\/07\/Design-sem-nome-6-1.png\" \/>\n\t<meta property=\"og:image:width\" content=\"300\" \/>\n\t<meta property=\"og:image:height\" content=\"300\" \/>\n\t<meta property=\"og:image:type\" content=\"image\/png\" \/>\n<meta name=\"twitter:card\" content=\"summary_large_image\" \/>\n<meta name=\"twitter:label1\" content=\"Dur\u00e9e de lecture estim\u00e9e\" \/>\n\t<meta name=\"twitter:data1\" content=\"1 minute\" \/>\n<script type=\"application\/ld+json\" class=\"yoast-schema-graph\">{\"@context\":\"https:\\\/\\\/schema.org\",\"@graph\":[{\"@type\":\"WebPage\",\"@id\":\"https:\\\/\\\/www.pmc-wine.com\\\/fr\\\/vinhos\\\/malaca-rose\\\/\",\"url\":\"https:\\\/\\\/www.pmc-wine.com\\\/fr\\\/vinhos\\\/malaca-rose\\\/\",\"name\":\"Malaca Ros\u00e9 - PMC Wine & Food\",\"isPartOf\":{\"@id\":\"https:\\\/\\\/www.pmc-wine.com\\\/fr\\\/#website\"},\"primaryImageOfPage\":{\"@id\":\"https:\\\/\\\/www.pmc-wine.com\\\/fr\\\/vinhos\\\/malaca-rose\\\/#primaryimage\"},\"image\":{\"@id\":\"https:\\\/\\\/www.pmc-wine.com\\\/fr\\\/vinhos\\\/malaca-rose\\\/#primaryimage\"},\"thumbnailUrl\":\"https:\\\/\\\/www.pmc-wine.com\\\/wp-content\\\/uploads\\\/2021\\\/07\\\/Design-sem-nome-6-1.png\",\"datePublished\":\"2024-03-12T12:15:37+00:00\",\"dateModified\":\"2024-03-12T12:15:38+00:00\",\"description\":\"Un duo de deux c\u00e9pages portugais, dont l'un est typiquement algarvien : le Negra Mole.\",\"breadcrumb\":{\"@id\":\"https:\\\/\\\/www.pmc-wine.com\\\/fr\\\/vinhos\\\/malaca-rose\\\/#breadcrumb\"},\"inLanguage\":\"fr-FR\",\"potentialAction\":[{\"@type\":\"ReadAction\",\"target\":[\"https:\\\/\\\/www.pmc-wine.com\\\/fr\\\/vinhos\\\/malaca-rose\\\/\"]}]},{\"@type\":\"ImageObject\",\"inLanguage\":\"fr-FR\",\"@id\":\"https:\\\/\\\/www.pmc-wine.com\\\/fr\\\/vinhos\\\/malaca-rose\\\/#primaryimage\",\"url\":\"https:\\\/\\\/www.pmc-wine.com\\\/wp-content\\\/uploads\\\/2021\\\/07\\\/Design-sem-nome-6-1.png\",\"contentUrl\":\"https:\\\/\\\/www.pmc-wine.com\\\/wp-content\\\/uploads\\\/2021\\\/07\\\/Design-sem-nome-6-1.png\",\"width\":300,\"height\":300},{\"@type\":\"BreadcrumbList\",\"@id\":\"https:\\\/\\\/www.pmc-wine.com\\\/fr\\\/vinhos\\\/malaca-rose\\\/#breadcrumb\",\"itemListElement\":[{\"@type\":\"ListItem\",\"position\":1,\"name\":\"Accueil\",\"item\":\"https:\\\/\\\/www.pmc-wine.com\\\/fr\\\/\"},{\"@type\":\"ListItem\",\"position\":2,\"name\":\"Vins\",\"item\":\"https:\\\/\\\/www.pmc-wine.com\\\/fr\\\/vinhos\\\/\"},{\"@type\":\"ListItem\",\"position\":3,\"name\":\"Malaca Ros\u00e9\"}]},{\"@type\":\"WebSite\",\"@id\":\"https:\\\/\\\/www.pmc-wine.com\\\/fr\\\/#website\",\"url\":\"https:\\\/\\\/www.pmc-wine.com\\\/fr\\\/\",\"name\":\"PMC Wine & Food\",\"description\":\"Po\u00e9sie en Bouteille\",\"publisher\":{\"@id\":\"https:\\\/\\\/www.pmc-wine.com\\\/fr\\\/#organization\"},\"potentialAction\":[{\"@type\":\"SearchAction\",\"target\":{\"@type\":\"EntryPoint\",\"urlTemplate\":\"https:\\\/\\\/www.pmc-wine.com\\\/fr\\\/?s={search_term_string}\"},\"query-input\":{\"@type\":\"PropertyValueSpecification\",\"valueRequired\":true,\"valueName\":\"search_term_string\"}}],\"inLanguage\":\"fr-FR\"},{\"@type\":\"Organization\",\"@id\":\"https:\\\/\\\/www.pmc-wine.com\\\/fr\\\/#organization\",\"name\":\"PMC Wine & Food\",\"url\":\"https:\\\/\\\/www.pmc-wine.com\\\/fr\\\/\",\"logo\":{\"@type\":\"ImageObject\",\"inLanguage\":\"fr-FR\",\"@id\":\"https:\\\/\\\/www.pmc-wine.com\\\/fr\\\/#\\\/schema\\\/logo\\\/image\\\/\",\"url\":\"https:\\\/\\\/www.pmc-wine.com\\\/wp-content\\\/uploads\\\/2021\\\/06\\\/pmc-logo-cor.svg\",\"contentUrl\":\"https:\\\/\\\/www.pmc-wine.com\\\/wp-content\\\/uploads\\\/2021\\\/06\\\/pmc-logo-cor.svg\",\"width\":180,\"height\":81,\"caption\":\"PMC Wine & Food\"},\"image\":{\"@id\":\"https:\\\/\\\/www.pmc-wine.com\\\/fr\\\/#\\\/schema\\\/logo\\\/image\\\/\"}}]}<\/script>\n<!-- \/ Yoast SEO plugin. -->","yoast_head_json":{"title":"Malaca Ros\u00e9 - PMC Wine & Food","description":"Un duo de deux c\u00e9pages portugais, dont l'un est typiquement algarvien : le Negra Mole.","robots":{"index":"index","follow":"follow","max-snippet":"max-snippet:-1","max-image-preview":"max-image-preview:large","max-video-preview":"max-video-preview:-1"},"canonical":"https:\/\/www.pmc-wine.com\/fr\/vinhos\/malaca-rose\/","og_locale":"fr_FR","og_type":"article","og_title":"Malaca Ros\u00e9 - PMC Wine & Food","og_description":"Un duo de deux c\u00e9pages portugais, dont l'un est typiquement algarvien : le Negra Mole.","og_url":"https:\/\/www.pmc-wine.com\/fr\/vinhos\/malaca-rose\/","og_site_name":"PMC Wine & Food","article_modified_time":"2024-03-12T12:15:38+00:00","og_image":[{"width":300,"height":300,"url":"https:\/\/www.pmc-wine.com\/wp-content\/uploads\/2021\/07\/Design-sem-nome-6-1.png","type":"image\/png"}],"twitter_card":"summary_large_image","twitter_misc":{"Dur\u00e9e de lecture estim\u00e9e":"1 minute"},"schema":{"@context":"https:\/\/schema.org","@graph":[{"@type":"WebPage","@id":"https:\/\/www.pmc-wine.com\/fr\/vinhos\/malaca-rose\/","url":"https:\/\/www.pmc-wine.com\/fr\/vinhos\/malaca-rose\/","name":"Malaca Ros\u00e9 - PMC Wine & Food","isPartOf":{"@id":"https:\/\/www.pmc-wine.com\/fr\/#website"},"primaryImageOfPage":{"@id":"https:\/\/www.pmc-wine.com\/fr\/vinhos\/malaca-rose\/#primaryimage"},"image":{"@id":"https:\/\/www.pmc-wine.com\/fr\/vinhos\/malaca-rose\/#primaryimage"},"thumbnailUrl":"https:\/\/www.pmc-wine.com\/wp-content\/uploads\/2021\/07\/Design-sem-nome-6-1.png","datePublished":"2024-03-12T12:15:37+00:00","dateModified":"2024-03-12T12:15:38+00:00","description":"Un duo de deux c\u00e9pages portugais, dont l'un est typiquement algarvien : le Negra Mole.","breadcrumb":{"@id":"https:\/\/www.pmc-wine.com\/fr\/vinhos\/malaca-rose\/#breadcrumb"},"inLanguage":"fr-FR","potentialAction":[{"@type":"ReadAction","target":["https:\/\/www.pmc-wine.com\/fr\/vinhos\/malaca-rose\/"]}]},{"@type":"ImageObject","inLanguage":"fr-FR","@id":"https:\/\/www.pmc-wine.com\/fr\/vinhos\/malaca-rose\/#primaryimage","url":"https:\/\/www.pmc-wine.com\/wp-content\/uploads\/2021\/07\/Design-sem-nome-6-1.png","contentUrl":"https:\/\/www.pmc-wine.com\/wp-content\/uploads\/2021\/07\/Design-sem-nome-6-1.png","width":300,"height":300},{"@type":"BreadcrumbList","@id":"https:\/\/www.pmc-wine.com\/fr\/vinhos\/malaca-rose\/#breadcrumb","itemListElement":[{"@type":"ListItem","position":1,"name":"Accueil","item":"https:\/\/www.pmc-wine.com\/fr\/"},{"@type":"ListItem","position":2,"name":"Vins","item":"https:\/\/www.pmc-wine.com\/fr\/vinhos\/"},{"@type":"ListItem","position":3,"name":"Malaca Ros\u00e9"}]},{"@type":"WebSite","@id":"https:\/\/www.pmc-wine.com\/fr\/#website","url":"https:\/\/www.pmc-wine.com\/fr\/","name":"PMC Wine & Food","description":"Po\u00e9sie en Bouteille","publisher":{"@id":"https:\/\/www.pmc-wine.com\/fr\/#organization"},"potentialAction":[{"@type":"SearchAction","target":{"@type":"EntryPoint","urlTemplate":"https:\/\/www.pmc-wine.com\/fr\/?s={search_term_string}"},"query-input":{"@type":"PropertyValueSpecification","valueRequired":true,"valueName":"search_term_string"}}],"inLanguage":"fr-FR"},{"@type":"Organization","@id":"https:\/\/www.pmc-wine.com\/fr\/#organization","name":"PMC Wine & Food","url":"https:\/\/www.pmc-wine.com\/fr\/","logo":{"@type":"ImageObject","inLanguage":"fr-FR","@id":"https:\/\/www.pmc-wine.com\/fr\/#\/schema\/logo\/image\/","url":"https:\/\/www.pmc-wine.com\/wp-content\/uploads\/2021\/06\/pmc-logo-cor.svg","contentUrl":"https:\/\/www.pmc-wine.com\/wp-content\/uploads\/2021\/06\/pmc-logo-cor.svg","width":180,"height":81,"caption":"PMC Wine & Food"},"image":{"@id":"https:\/\/www.pmc-wine.com\/fr\/#\/schema\/logo\/image\/"}}]}},"_links":{"self":[{"href":"https:\/\/www.pmc-wine.com\/fr\/wp-json\/wp\/v2\/vinhos\/6257","targetHints":{"allow":["GET"]}}],"collection":[{"href":"https:\/\/www.pmc-wine.com\/fr\/wp-json\/wp\/v2\/vinhos"}],"about":[{"href":"https:\/\/www.pmc-wine.com\/fr\/wp-json\/wp\/v2\/types\/vinhos"}],"version-history":[{"count":1,"href":"https:\/\/www.pmc-wine.com\/fr\/wp-json\/wp\/v2\/vinhos\/6257\/revisions"}],"predecessor-version":[{"id":6258,"href":"https:\/\/www.pmc-wine.com\/fr\/wp-json\/wp\/v2\/vinhos\/6257\/revisions\/6258"}],"wp:featuredmedia":[{"embeddable":true,"href":"https:\/\/www.pmc-wine.com\/fr\/wp-json\/wp\/v2\/media\/5266"}],"wp:attachment":[{"href":"https:\/\/www.pmc-wine.com\/fr\/wp-json\/wp\/v2\/media?parent=6257"}],"wp:term":[{"taxonomy":"tipos-de-vinho","embeddable":true,"href":"https:\/\/www.pmc-wine.com\/fr\/wp-json\/wp\/v2\/tipos-de-vinho?post=6257"},{"taxonomy":"regioes","embeddable":true,"href":"https:\/\/www.pmc-wine.com\/fr\/wp-json\/wp\/v2\/regioes?post=6257"},{"taxonomy":"produtor","embeddable":true,"href":"https:\/\/www.pmc-wine.com\/fr\/wp-json\/wp\/v2\/produtor?post=6257"}],"curies":[{"name":"wp","href":"https:\/\/api.w.org\/{rel}","templated":true}]}}