{"id":6221,"date":"2024-03-12T11:31:15","date_gmt":"2024-03-12T11:31:15","guid":{"rendered":"https:\/\/www.pmc-wine.com\/?post_type=vinhos&#038;p=6221"},"modified":"2024-03-12T11:31:15","modified_gmt":"2024-03-12T11:31:15","slug":"malandra-reserve-rouge","status":"publish","type":"vinhos","link":"https:\/\/www.pmc-wine.com\/fr\/vinhos\/malandra-reserve-rouge\/","title":{"rendered":"Malandra R\u00e9serve Rouge \u2013 Alentejo"},"content":{"rendered":"\n<p>Couleur rubis avec des reflets bruns, ar\u00f4mes bien d\u00e9velopp\u00e9s avec des notes balsamiques, quelques nuances de pierre \u00e0 fusil, de fenouil et de chocolat noir. En bouche, il est bien \u00e9quilibr\u00e9, avec des tanins m\u00fbrs et intenses, une finale puissante, bien \u00e9quilibr\u00e9e et une longue persistance.<\/p>\n","protected":false},"excerpt":{"rendered":"<p>Couleur rubis avec des reflets bruns, ar\u00f4mes bien d\u00e9velopp\u00e9s avec des notes balsamiques, quelques nuances de pierre \u00e0 fusil, de fenouil et de chocolat noir. En bouche, il est bien \u00e9quilibr\u00e9, avec des tanins m\u00fbrs et intenses, une finale puissante, bien \u00e9quilibr\u00e9e et une longue persistance.<\/p>\n","protected":false},"featured_media":5729,"menu_order":0,"template":"","format":"standard","meta":{"footnotes":""},"tipos-de-vinho":[118],"regioes":[120],"produtor":[143],"class_list":["post-6221","vinhos","type-vinhos","status-publish","format-standard","has-post-thumbnail","hentry","tipos-de-vinho-rouge","regioes-alentejo-fr","produtor-pmc-wine-food-fr"],"acf":[],"yoast_head":"<!-- This site is optimized with the Yoast SEO plugin v27.5 - https:\/\/yoast.com\/product\/yoast-seo-wordpress\/ -->\n<title>Malandra R\u00e9serve Rouge \u2013 Alentejo - PMC Wine &amp; Food<\/title>\n<meta name=\"description\" content=\"Couleur rubis avec des reflets bruns, ar\u00f4mes bien d\u00e9velopp\u00e9s avec des notes balsamiques, quelques nuances de pierre \u00e0 fusil, de fenouil et de chocolat noir\" \/>\n<meta name=\"robots\" content=\"index, follow, max-snippet:-1, max-image-preview:large, max-video-preview:-1\" \/>\n<link rel=\"canonical\" href=\"https:\/\/www.pmc-wine.com\/fr\/vinhos\/malandra-reserve-rouge\/\" \/>\n<meta property=\"og:locale\" content=\"fr_FR\" \/>\n<meta property=\"og:type\" content=\"article\" \/>\n<meta property=\"og:title\" content=\"Malandra R\u00e9serve Rouge \u2013 Alentejo - PMC Wine &amp; Food\" \/>\n<meta property=\"og:description\" content=\"Couleur rubis avec des reflets bruns, ar\u00f4mes bien d\u00e9velopp\u00e9s avec des notes balsamiques, quelques nuances de pierre \u00e0 fusil, de fenouil et de chocolat noir\" \/>\n<meta property=\"og:url\" content=\"https:\/\/www.pmc-wine.com\/fr\/vinhos\/malandra-reserve-rouge\/\" \/>\n<meta property=\"og:site_name\" content=\"PMC Wine &amp; Food\" \/>\n<meta property=\"og:image\" content=\"https:\/\/www.pmc-wine.com\/wp-content\/uploads\/2021\/07\/imagens-garrafas-site-1.png\" \/>\n\t<meta property=\"og:image:width\" content=\"300\" \/>\n\t<meta property=\"og:image:height\" content=\"300\" \/>\n\t<meta property=\"og:image:type\" content=\"image\/png\" \/>\n<meta name=\"twitter:card\" content=\"summary_large_image\" \/>\n<meta name=\"twitter:label1\" content=\"Dur\u00e9e de lecture estim\u00e9e\" \/>\n\t<meta name=\"twitter:data1\" content=\"1 minute\" \/>\n<script type=\"application\/ld+json\" class=\"yoast-schema-graph\">{\"@context\":\"https:\\\/\\\/schema.org\",\"@graph\":[{\"@type\":\"WebPage\",\"@id\":\"https:\\\/\\\/www.pmc-wine.com\\\/fr\\\/vinhos\\\/malandra-reserve-rouge\\\/\",\"url\":\"https:\\\/\\\/www.pmc-wine.com\\\/fr\\\/vinhos\\\/malandra-reserve-rouge\\\/\",\"name\":\"Malandra R\u00e9serve Rouge \u2013 Alentejo - PMC Wine & Food\",\"isPartOf\":{\"@id\":\"https:\\\/\\\/www.pmc-wine.com\\\/fr\\\/#website\"},\"primaryImageOfPage\":{\"@id\":\"https:\\\/\\\/www.pmc-wine.com\\\/fr\\\/vinhos\\\/malandra-reserve-rouge\\\/#primaryimage\"},\"image\":{\"@id\":\"https:\\\/\\\/www.pmc-wine.com\\\/fr\\\/vinhos\\\/malandra-reserve-rouge\\\/#primaryimage\"},\"thumbnailUrl\":\"https:\\\/\\\/www.pmc-wine.com\\\/wp-content\\\/uploads\\\/2021\\\/07\\\/imagens-garrafas-site-1.png\",\"datePublished\":\"2024-03-12T11:31:15+00:00\",\"description\":\"Couleur rubis avec des reflets bruns, ar\u00f4mes bien d\u00e9velopp\u00e9s avec des notes balsamiques, quelques nuances de pierre \u00e0 fusil, de fenouil et de chocolat noir\",\"breadcrumb\":{\"@id\":\"https:\\\/\\\/www.pmc-wine.com\\\/fr\\\/vinhos\\\/malandra-reserve-rouge\\\/#breadcrumb\"},\"inLanguage\":\"fr-FR\",\"potentialAction\":[{\"@type\":\"ReadAction\",\"target\":[\"https:\\\/\\\/www.pmc-wine.com\\\/fr\\\/vinhos\\\/malandra-reserve-rouge\\\/\"]}]},{\"@type\":\"ImageObject\",\"inLanguage\":\"fr-FR\",\"@id\":\"https:\\\/\\\/www.pmc-wine.com\\\/fr\\\/vinhos\\\/malandra-reserve-rouge\\\/#primaryimage\",\"url\":\"https:\\\/\\\/www.pmc-wine.com\\\/wp-content\\\/uploads\\\/2021\\\/07\\\/imagens-garrafas-site-1.png\",\"contentUrl\":\"https:\\\/\\\/www.pmc-wine.com\\\/wp-content\\\/uploads\\\/2021\\\/07\\\/imagens-garrafas-site-1.png\",\"width\":300,\"height\":300},{\"@type\":\"BreadcrumbList\",\"@id\":\"https:\\\/\\\/www.pmc-wine.com\\\/fr\\\/vinhos\\\/malandra-reserve-rouge\\\/#breadcrumb\",\"itemListElement\":[{\"@type\":\"ListItem\",\"position\":1,\"name\":\"Accueil\",\"item\":\"https:\\\/\\\/www.pmc-wine.com\\\/fr\\\/\"},{\"@type\":\"ListItem\",\"position\":2,\"name\":\"Vins\",\"item\":\"https:\\\/\\\/www.pmc-wine.com\\\/fr\\\/vinhos\\\/\"},{\"@type\":\"ListItem\",\"position\":3,\"name\":\"Malandra R\u00e9serve Rouge \u2013 Alentejo\"}]},{\"@type\":\"WebSite\",\"@id\":\"https:\\\/\\\/www.pmc-wine.com\\\/fr\\\/#website\",\"url\":\"https:\\\/\\\/www.pmc-wine.com\\\/fr\\\/\",\"name\":\"PMC Wine & Food\",\"description\":\"Po\u00e9sie en Bouteille\",\"publisher\":{\"@id\":\"https:\\\/\\\/www.pmc-wine.com\\\/fr\\\/#organization\"},\"potentialAction\":[{\"@type\":\"SearchAction\",\"target\":{\"@type\":\"EntryPoint\",\"urlTemplate\":\"https:\\\/\\\/www.pmc-wine.com\\\/fr\\\/?s={search_term_string}\"},\"query-input\":{\"@type\":\"PropertyValueSpecification\",\"valueRequired\":true,\"valueName\":\"search_term_string\"}}],\"inLanguage\":\"fr-FR\"},{\"@type\":\"Organization\",\"@id\":\"https:\\\/\\\/www.pmc-wine.com\\\/fr\\\/#organization\",\"name\":\"PMC Wine & Food\",\"url\":\"https:\\\/\\\/www.pmc-wine.com\\\/fr\\\/\",\"logo\":{\"@type\":\"ImageObject\",\"inLanguage\":\"fr-FR\",\"@id\":\"https:\\\/\\\/www.pmc-wine.com\\\/fr\\\/#\\\/schema\\\/logo\\\/image\\\/\",\"url\":\"https:\\\/\\\/www.pmc-wine.com\\\/wp-content\\\/uploads\\\/2021\\\/06\\\/pmc-logo-cor.svg\",\"contentUrl\":\"https:\\\/\\\/www.pmc-wine.com\\\/wp-content\\\/uploads\\\/2021\\\/06\\\/pmc-logo-cor.svg\",\"width\":180,\"height\":81,\"caption\":\"PMC Wine & Food\"},\"image\":{\"@id\":\"https:\\\/\\\/www.pmc-wine.com\\\/fr\\\/#\\\/schema\\\/logo\\\/image\\\/\"}}]}<\/script>\n<!-- \/ Yoast SEO plugin. -->","yoast_head_json":{"title":"Malandra R\u00e9serve Rouge \u2013 Alentejo - PMC Wine & Food","description":"Couleur rubis avec des reflets bruns, ar\u00f4mes bien d\u00e9velopp\u00e9s avec des notes balsamiques, quelques nuances de pierre \u00e0 fusil, de fenouil et de chocolat noir","robots":{"index":"index","follow":"follow","max-snippet":"max-snippet:-1","max-image-preview":"max-image-preview:large","max-video-preview":"max-video-preview:-1"},"canonical":"https:\/\/www.pmc-wine.com\/fr\/vinhos\/malandra-reserve-rouge\/","og_locale":"fr_FR","og_type":"article","og_title":"Malandra R\u00e9serve Rouge \u2013 Alentejo - PMC Wine & Food","og_description":"Couleur rubis avec des reflets bruns, ar\u00f4mes bien d\u00e9velopp\u00e9s avec des notes balsamiques, quelques nuances de pierre \u00e0 fusil, de fenouil et de chocolat noir","og_url":"https:\/\/www.pmc-wine.com\/fr\/vinhos\/malandra-reserve-rouge\/","og_site_name":"PMC Wine & Food","og_image":[{"width":300,"height":300,"url":"https:\/\/www.pmc-wine.com\/wp-content\/uploads\/2021\/07\/imagens-garrafas-site-1.png","type":"image\/png"}],"twitter_card":"summary_large_image","twitter_misc":{"Dur\u00e9e de lecture estim\u00e9e":"1 minute"},"schema":{"@context":"https:\/\/schema.org","@graph":[{"@type":"WebPage","@id":"https:\/\/www.pmc-wine.com\/fr\/vinhos\/malandra-reserve-rouge\/","url":"https:\/\/www.pmc-wine.com\/fr\/vinhos\/malandra-reserve-rouge\/","name":"Malandra R\u00e9serve Rouge \u2013 Alentejo - PMC Wine & Food","isPartOf":{"@id":"https:\/\/www.pmc-wine.com\/fr\/#website"},"primaryImageOfPage":{"@id":"https:\/\/www.pmc-wine.com\/fr\/vinhos\/malandra-reserve-rouge\/#primaryimage"},"image":{"@id":"https:\/\/www.pmc-wine.com\/fr\/vinhos\/malandra-reserve-rouge\/#primaryimage"},"thumbnailUrl":"https:\/\/www.pmc-wine.com\/wp-content\/uploads\/2021\/07\/imagens-garrafas-site-1.png","datePublished":"2024-03-12T11:31:15+00:00","description":"Couleur rubis avec des reflets bruns, ar\u00f4mes bien d\u00e9velopp\u00e9s avec des notes balsamiques, quelques nuances de pierre \u00e0 fusil, de fenouil et de chocolat noir","breadcrumb":{"@id":"https:\/\/www.pmc-wine.com\/fr\/vinhos\/malandra-reserve-rouge\/#breadcrumb"},"inLanguage":"fr-FR","potentialAction":[{"@type":"ReadAction","target":["https:\/\/www.pmc-wine.com\/fr\/vinhos\/malandra-reserve-rouge\/"]}]},{"@type":"ImageObject","inLanguage":"fr-FR","@id":"https:\/\/www.pmc-wine.com\/fr\/vinhos\/malandra-reserve-rouge\/#primaryimage","url":"https:\/\/www.pmc-wine.com\/wp-content\/uploads\/2021\/07\/imagens-garrafas-site-1.png","contentUrl":"https:\/\/www.pmc-wine.com\/wp-content\/uploads\/2021\/07\/imagens-garrafas-site-1.png","width":300,"height":300},{"@type":"BreadcrumbList","@id":"https:\/\/www.pmc-wine.com\/fr\/vinhos\/malandra-reserve-rouge\/#breadcrumb","itemListElement":[{"@type":"ListItem","position":1,"name":"Accueil","item":"https:\/\/www.pmc-wine.com\/fr\/"},{"@type":"ListItem","position":2,"name":"Vins","item":"https:\/\/www.pmc-wine.com\/fr\/vinhos\/"},{"@type":"ListItem","position":3,"name":"Malandra R\u00e9serve Rouge \u2013 Alentejo"}]},{"@type":"WebSite","@id":"https:\/\/www.pmc-wine.com\/fr\/#website","url":"https:\/\/www.pmc-wine.com\/fr\/","name":"PMC Wine & Food","description":"Po\u00e9sie en Bouteille","publisher":{"@id":"https:\/\/www.pmc-wine.com\/fr\/#organization"},"potentialAction":[{"@type":"SearchAction","target":{"@type":"EntryPoint","urlTemplate":"https:\/\/www.pmc-wine.com\/fr\/?s={search_term_string}"},"query-input":{"@type":"PropertyValueSpecification","valueRequired":true,"valueName":"search_term_string"}}],"inLanguage":"fr-FR"},{"@type":"Organization","@id":"https:\/\/www.pmc-wine.com\/fr\/#organization","name":"PMC Wine & Food","url":"https:\/\/www.pmc-wine.com\/fr\/","logo":{"@type":"ImageObject","inLanguage":"fr-FR","@id":"https:\/\/www.pmc-wine.com\/fr\/#\/schema\/logo\/image\/","url":"https:\/\/www.pmc-wine.com\/wp-content\/uploads\/2021\/06\/pmc-logo-cor.svg","contentUrl":"https:\/\/www.pmc-wine.com\/wp-content\/uploads\/2021\/06\/pmc-logo-cor.svg","width":180,"height":81,"caption":"PMC Wine & Food"},"image":{"@id":"https:\/\/www.pmc-wine.com\/fr\/#\/schema\/logo\/image\/"}}]}},"_links":{"self":[{"href":"https:\/\/www.pmc-wine.com\/fr\/wp-json\/wp\/v2\/vinhos\/6221","targetHints":{"allow":["GET"]}}],"collection":[{"href":"https:\/\/www.pmc-wine.com\/fr\/wp-json\/wp\/v2\/vinhos"}],"about":[{"href":"https:\/\/www.pmc-wine.com\/fr\/wp-json\/wp\/v2\/types\/vinhos"}],"version-history":[{"count":1,"href":"https:\/\/www.pmc-wine.com\/fr\/wp-json\/wp\/v2\/vinhos\/6221\/revisions"}],"predecessor-version":[{"id":6222,"href":"https:\/\/www.pmc-wine.com\/fr\/wp-json\/wp\/v2\/vinhos\/6221\/revisions\/6222"}],"wp:featuredmedia":[{"embeddable":true,"href":"https:\/\/www.pmc-wine.com\/fr\/wp-json\/wp\/v2\/media\/5729"}],"wp:attachment":[{"href":"https:\/\/www.pmc-wine.com\/fr\/wp-json\/wp\/v2\/media?parent=6221"}],"wp:term":[{"taxonomy":"tipos-de-vinho","embeddable":true,"href":"https:\/\/www.pmc-wine.com\/fr\/wp-json\/wp\/v2\/tipos-de-vinho?post=6221"},{"taxonomy":"regioes","embeddable":true,"href":"https:\/\/www.pmc-wine.com\/fr\/wp-json\/wp\/v2\/regioes?post=6221"},{"taxonomy":"produtor","embeddable":true,"href":"https:\/\/www.pmc-wine.com\/fr\/wp-json\/wp\/v2\/produtor?post=6221"}],"curies":[{"name":"wp","href":"https:\/\/api.w.org\/{rel}","templated":true}]}}