{"id":6215,"date":"2024-03-12T11:27:11","date_gmt":"2024-03-12T11:27:11","guid":{"rendered":"https:\/\/www.pmc-wine.com\/?post_type=vinhos&#038;p=6215"},"modified":"2024-03-12T11:27:12","modified_gmt":"2024-03-12T11:27:12","slug":"malandra-alicante-bouschet","status":"publish","type":"vinhos","link":"https:\/\/www.pmc-wine.com\/fr\/vinhos\/malandra-alicante-bouschet\/","title":{"rendered":"Malandra Alicante Bouschet \u2013 Alentejo"},"content":{"rendered":"\n<p>Des ar\u00f4mes de fruits noirs m\u00fbrs sur fond balsamique conf\u00e8rent \u00e0 cet Alicante Bouschet une grande complexit\u00e9. Les 12 mois pass\u00e9s dans des f\u00fbts de ch\u00eane neufs de 500 litres lui conf\u00e8rent un ar\u00f4me de bois bien int\u00e9gr\u00e9 et des tanins ronds. La finale est persistante et agr\u00e9able.<\/p>\n","protected":false},"excerpt":{"rendered":"<p>Des ar\u00f4mes de fruits noirs m\u00fbrs sur fond balsamique conf\u00e8rent \u00e0 cet Alicante Bouschet une grande complexit\u00e9. Les 12 mois pass\u00e9s dans des f\u00fbts de ch\u00eane neufs de 500 litres lui conf\u00e8rent un ar\u00f4me de bois bien int\u00e9gr\u00e9 et des tanins ronds. La finale est persistante et agr\u00e9able.<\/p>\n","protected":false},"featured_media":4754,"menu_order":0,"template":"","format":"standard","meta":{"footnotes":""},"tipos-de-vinho":[118],"regioes":[120],"produtor":[143],"class_list":["post-6215","vinhos","type-vinhos","status-publish","format-standard","has-post-thumbnail","hentry","tipos-de-vinho-rouge","regioes-alentejo-fr","produtor-pmc-wine-food-fr"],"acf":[],"yoast_head":"<!-- This site is optimized with the Yoast SEO plugin v27.5 - https:\/\/yoast.com\/product\/yoast-seo-wordpress\/ -->\n<title>Malandra Alicante Bouschet \u2013 Alentejo - PMC Wine &amp; Food<\/title>\n<meta name=\"description\" content=\"Des ar\u00f4mes de fruits noirs m\u00fbrs sur fond balsamique conf\u00e8rent \u00e0 cet Alicante Bouschet une grande complexit\u00e9\" \/>\n<meta name=\"robots\" content=\"index, follow, max-snippet:-1, max-image-preview:large, max-video-preview:-1\" \/>\n<link rel=\"canonical\" href=\"https:\/\/www.pmc-wine.com\/fr\/vinhos\/malandra-alicante-bouschet\/\" \/>\n<meta property=\"og:locale\" content=\"fr_FR\" \/>\n<meta property=\"og:type\" content=\"article\" \/>\n<meta property=\"og:title\" content=\"Malandra Alicante Bouschet \u2013 Alentejo - PMC Wine &amp; Food\" \/>\n<meta property=\"og:description\" content=\"Des ar\u00f4mes de fruits noirs m\u00fbrs sur fond balsamique conf\u00e8rent \u00e0 cet Alicante Bouschet une grande complexit\u00e9\" \/>\n<meta property=\"og:url\" content=\"https:\/\/www.pmc-wine.com\/fr\/vinhos\/malandra-alicante-bouschet\/\" \/>\n<meta property=\"og:site_name\" content=\"PMC Wine &amp; Food\" \/>\n<meta property=\"article:modified_time\" content=\"2024-03-12T11:27:12+00:00\" \/>\n<meta property=\"og:image\" content=\"https:\/\/www.pmc-wine.com\/wp-content\/uploads\/2024\/02\/Design-sem-nome-18.png\" \/>\n\t<meta property=\"og:image:width\" content=\"300\" \/>\n\t<meta property=\"og:image:height\" content=\"300\" \/>\n\t<meta property=\"og:image:type\" content=\"image\/png\" \/>\n<meta name=\"twitter:card\" content=\"summary_large_image\" \/>\n<meta name=\"twitter:label1\" content=\"Dur\u00e9e de lecture estim\u00e9e\" \/>\n\t<meta name=\"twitter:data1\" content=\"1 minute\" \/>\n<script type=\"application\/ld+json\" class=\"yoast-schema-graph\">{\"@context\":\"https:\\\/\\\/schema.org\",\"@graph\":[{\"@type\":\"WebPage\",\"@id\":\"https:\\\/\\\/www.pmc-wine.com\\\/fr\\\/vinhos\\\/malandra-alicante-bouschet\\\/\",\"url\":\"https:\\\/\\\/www.pmc-wine.com\\\/fr\\\/vinhos\\\/malandra-alicante-bouschet\\\/\",\"name\":\"Malandra Alicante Bouschet \u2013 Alentejo - PMC Wine & Food\",\"isPartOf\":{\"@id\":\"https:\\\/\\\/www.pmc-wine.com\\\/fr\\\/#website\"},\"primaryImageOfPage\":{\"@id\":\"https:\\\/\\\/www.pmc-wine.com\\\/fr\\\/vinhos\\\/malandra-alicante-bouschet\\\/#primaryimage\"},\"image\":{\"@id\":\"https:\\\/\\\/www.pmc-wine.com\\\/fr\\\/vinhos\\\/malandra-alicante-bouschet\\\/#primaryimage\"},\"thumbnailUrl\":\"https:\\\/\\\/www.pmc-wine.com\\\/wp-content\\\/uploads\\\/2024\\\/02\\\/Design-sem-nome-18.png\",\"datePublished\":\"2024-03-12T11:27:11+00:00\",\"dateModified\":\"2024-03-12T11:27:12+00:00\",\"description\":\"Des ar\u00f4mes de fruits noirs m\u00fbrs sur fond balsamique conf\u00e8rent \u00e0 cet Alicante Bouschet une grande complexit\u00e9\",\"breadcrumb\":{\"@id\":\"https:\\\/\\\/www.pmc-wine.com\\\/fr\\\/vinhos\\\/malandra-alicante-bouschet\\\/#breadcrumb\"},\"inLanguage\":\"fr-FR\",\"potentialAction\":[{\"@type\":\"ReadAction\",\"target\":[\"https:\\\/\\\/www.pmc-wine.com\\\/fr\\\/vinhos\\\/malandra-alicante-bouschet\\\/\"]}]},{\"@type\":\"ImageObject\",\"inLanguage\":\"fr-FR\",\"@id\":\"https:\\\/\\\/www.pmc-wine.com\\\/fr\\\/vinhos\\\/malandra-alicante-bouschet\\\/#primaryimage\",\"url\":\"https:\\\/\\\/www.pmc-wine.com\\\/wp-content\\\/uploads\\\/2024\\\/02\\\/Design-sem-nome-18.png\",\"contentUrl\":\"https:\\\/\\\/www.pmc-wine.com\\\/wp-content\\\/uploads\\\/2024\\\/02\\\/Design-sem-nome-18.png\",\"width\":300,\"height\":300},{\"@type\":\"BreadcrumbList\",\"@id\":\"https:\\\/\\\/www.pmc-wine.com\\\/fr\\\/vinhos\\\/malandra-alicante-bouschet\\\/#breadcrumb\",\"itemListElement\":[{\"@type\":\"ListItem\",\"position\":1,\"name\":\"Accueil\",\"item\":\"https:\\\/\\\/www.pmc-wine.com\\\/fr\\\/\"},{\"@type\":\"ListItem\",\"position\":2,\"name\":\"Vins\",\"item\":\"https:\\\/\\\/www.pmc-wine.com\\\/fr\\\/vinhos\\\/\"},{\"@type\":\"ListItem\",\"position\":3,\"name\":\"Malandra Alicante Bouschet \u2013 Alentejo\"}]},{\"@type\":\"WebSite\",\"@id\":\"https:\\\/\\\/www.pmc-wine.com\\\/fr\\\/#website\",\"url\":\"https:\\\/\\\/www.pmc-wine.com\\\/fr\\\/\",\"name\":\"PMC Wine & Food\",\"description\":\"Po\u00e9sie en Bouteille\",\"publisher\":{\"@id\":\"https:\\\/\\\/www.pmc-wine.com\\\/fr\\\/#organization\"},\"potentialAction\":[{\"@type\":\"SearchAction\",\"target\":{\"@type\":\"EntryPoint\",\"urlTemplate\":\"https:\\\/\\\/www.pmc-wine.com\\\/fr\\\/?s={search_term_string}\"},\"query-input\":{\"@type\":\"PropertyValueSpecification\",\"valueRequired\":true,\"valueName\":\"search_term_string\"}}],\"inLanguage\":\"fr-FR\"},{\"@type\":\"Organization\",\"@id\":\"https:\\\/\\\/www.pmc-wine.com\\\/fr\\\/#organization\",\"name\":\"PMC Wine & Food\",\"url\":\"https:\\\/\\\/www.pmc-wine.com\\\/fr\\\/\",\"logo\":{\"@type\":\"ImageObject\",\"inLanguage\":\"fr-FR\",\"@id\":\"https:\\\/\\\/www.pmc-wine.com\\\/fr\\\/#\\\/schema\\\/logo\\\/image\\\/\",\"url\":\"https:\\\/\\\/www.pmc-wine.com\\\/wp-content\\\/uploads\\\/2021\\\/06\\\/pmc-logo-cor.svg\",\"contentUrl\":\"https:\\\/\\\/www.pmc-wine.com\\\/wp-content\\\/uploads\\\/2021\\\/06\\\/pmc-logo-cor.svg\",\"width\":180,\"height\":81,\"caption\":\"PMC Wine & Food\"},\"image\":{\"@id\":\"https:\\\/\\\/www.pmc-wine.com\\\/fr\\\/#\\\/schema\\\/logo\\\/image\\\/\"}}]}<\/script>\n<!-- \/ Yoast SEO plugin. -->","yoast_head_json":{"title":"Malandra Alicante Bouschet \u2013 Alentejo - PMC Wine & Food","description":"Des ar\u00f4mes de fruits noirs m\u00fbrs sur fond balsamique conf\u00e8rent \u00e0 cet Alicante Bouschet une grande complexit\u00e9","robots":{"index":"index","follow":"follow","max-snippet":"max-snippet:-1","max-image-preview":"max-image-preview:large","max-video-preview":"max-video-preview:-1"},"canonical":"https:\/\/www.pmc-wine.com\/fr\/vinhos\/malandra-alicante-bouschet\/","og_locale":"fr_FR","og_type":"article","og_title":"Malandra Alicante Bouschet \u2013 Alentejo - PMC Wine & Food","og_description":"Des ar\u00f4mes de fruits noirs m\u00fbrs sur fond balsamique conf\u00e8rent \u00e0 cet Alicante Bouschet une grande complexit\u00e9","og_url":"https:\/\/www.pmc-wine.com\/fr\/vinhos\/malandra-alicante-bouschet\/","og_site_name":"PMC Wine & Food","article_modified_time":"2024-03-12T11:27:12+00:00","og_image":[{"width":300,"height":300,"url":"https:\/\/www.pmc-wine.com\/wp-content\/uploads\/2024\/02\/Design-sem-nome-18.png","type":"image\/png"}],"twitter_card":"summary_large_image","twitter_misc":{"Dur\u00e9e de lecture estim\u00e9e":"1 minute"},"schema":{"@context":"https:\/\/schema.org","@graph":[{"@type":"WebPage","@id":"https:\/\/www.pmc-wine.com\/fr\/vinhos\/malandra-alicante-bouschet\/","url":"https:\/\/www.pmc-wine.com\/fr\/vinhos\/malandra-alicante-bouschet\/","name":"Malandra Alicante Bouschet \u2013 Alentejo - PMC Wine & Food","isPartOf":{"@id":"https:\/\/www.pmc-wine.com\/fr\/#website"},"primaryImageOfPage":{"@id":"https:\/\/www.pmc-wine.com\/fr\/vinhos\/malandra-alicante-bouschet\/#primaryimage"},"image":{"@id":"https:\/\/www.pmc-wine.com\/fr\/vinhos\/malandra-alicante-bouschet\/#primaryimage"},"thumbnailUrl":"https:\/\/www.pmc-wine.com\/wp-content\/uploads\/2024\/02\/Design-sem-nome-18.png","datePublished":"2024-03-12T11:27:11+00:00","dateModified":"2024-03-12T11:27:12+00:00","description":"Des ar\u00f4mes de fruits noirs m\u00fbrs sur fond balsamique conf\u00e8rent \u00e0 cet Alicante Bouschet une grande complexit\u00e9","breadcrumb":{"@id":"https:\/\/www.pmc-wine.com\/fr\/vinhos\/malandra-alicante-bouschet\/#breadcrumb"},"inLanguage":"fr-FR","potentialAction":[{"@type":"ReadAction","target":["https:\/\/www.pmc-wine.com\/fr\/vinhos\/malandra-alicante-bouschet\/"]}]},{"@type":"ImageObject","inLanguage":"fr-FR","@id":"https:\/\/www.pmc-wine.com\/fr\/vinhos\/malandra-alicante-bouschet\/#primaryimage","url":"https:\/\/www.pmc-wine.com\/wp-content\/uploads\/2024\/02\/Design-sem-nome-18.png","contentUrl":"https:\/\/www.pmc-wine.com\/wp-content\/uploads\/2024\/02\/Design-sem-nome-18.png","width":300,"height":300},{"@type":"BreadcrumbList","@id":"https:\/\/www.pmc-wine.com\/fr\/vinhos\/malandra-alicante-bouschet\/#breadcrumb","itemListElement":[{"@type":"ListItem","position":1,"name":"Accueil","item":"https:\/\/www.pmc-wine.com\/fr\/"},{"@type":"ListItem","position":2,"name":"Vins","item":"https:\/\/www.pmc-wine.com\/fr\/vinhos\/"},{"@type":"ListItem","position":3,"name":"Malandra Alicante Bouschet \u2013 Alentejo"}]},{"@type":"WebSite","@id":"https:\/\/www.pmc-wine.com\/fr\/#website","url":"https:\/\/www.pmc-wine.com\/fr\/","name":"PMC Wine & Food","description":"Po\u00e9sie en Bouteille","publisher":{"@id":"https:\/\/www.pmc-wine.com\/fr\/#organization"},"potentialAction":[{"@type":"SearchAction","target":{"@type":"EntryPoint","urlTemplate":"https:\/\/www.pmc-wine.com\/fr\/?s={search_term_string}"},"query-input":{"@type":"PropertyValueSpecification","valueRequired":true,"valueName":"search_term_string"}}],"inLanguage":"fr-FR"},{"@type":"Organization","@id":"https:\/\/www.pmc-wine.com\/fr\/#organization","name":"PMC Wine & Food","url":"https:\/\/www.pmc-wine.com\/fr\/","logo":{"@type":"ImageObject","inLanguage":"fr-FR","@id":"https:\/\/www.pmc-wine.com\/fr\/#\/schema\/logo\/image\/","url":"https:\/\/www.pmc-wine.com\/wp-content\/uploads\/2021\/06\/pmc-logo-cor.svg","contentUrl":"https:\/\/www.pmc-wine.com\/wp-content\/uploads\/2021\/06\/pmc-logo-cor.svg","width":180,"height":81,"caption":"PMC Wine & Food"},"image":{"@id":"https:\/\/www.pmc-wine.com\/fr\/#\/schema\/logo\/image\/"}}]}},"_links":{"self":[{"href":"https:\/\/www.pmc-wine.com\/fr\/wp-json\/wp\/v2\/vinhos\/6215","targetHints":{"allow":["GET"]}}],"collection":[{"href":"https:\/\/www.pmc-wine.com\/fr\/wp-json\/wp\/v2\/vinhos"}],"about":[{"href":"https:\/\/www.pmc-wine.com\/fr\/wp-json\/wp\/v2\/types\/vinhos"}],"version-history":[{"count":1,"href":"https:\/\/www.pmc-wine.com\/fr\/wp-json\/wp\/v2\/vinhos\/6215\/revisions"}],"predecessor-version":[{"id":6216,"href":"https:\/\/www.pmc-wine.com\/fr\/wp-json\/wp\/v2\/vinhos\/6215\/revisions\/6216"}],"wp:featuredmedia":[{"embeddable":true,"href":"https:\/\/www.pmc-wine.com\/fr\/wp-json\/wp\/v2\/media\/4754"}],"wp:attachment":[{"href":"https:\/\/www.pmc-wine.com\/fr\/wp-json\/wp\/v2\/media?parent=6215"}],"wp:term":[{"taxonomy":"tipos-de-vinho","embeddable":true,"href":"https:\/\/www.pmc-wine.com\/fr\/wp-json\/wp\/v2\/tipos-de-vinho?post=6215"},{"taxonomy":"regioes","embeddable":true,"href":"https:\/\/www.pmc-wine.com\/fr\/wp-json\/wp\/v2\/regioes?post=6215"},{"taxonomy":"produtor","embeddable":true,"href":"https:\/\/www.pmc-wine.com\/fr\/wp-json\/wp\/v2\/produtor?post=6215"}],"curies":[{"name":"wp","href":"https:\/\/api.w.org\/{rel}","templated":true}]}}